{"version":"1.0","type":"rich","width":"560px","height":"140px","title":"Die Stadt als Gedicht &#8211; Jana Revedin und ihre &#8222;G\u00e4rtnerin von Venedig.&#8220; Ein wunderbares Gespr\u00e4ch mit Prof. Dr. Jana Revedin anl\u00e4sslich des neuen Buches Die &#8222;G\u00e4rtnerin von Venedig. Es ist ein Buch \u00fcber Wurzeln, die Stadt als Gedicht, die Architektur von Literatur und R\u00e4ume f\u00fcr und von Frauen, jung und alt. Moderatorin: Regula St\u00e4mpfli. - Die Stadt als Gedicht - Jana Revedin und ihre \"G\u00e4rtnerin von Venedig.\" Ein wunderbares Gespr\u00e4ch zwischen zwei Frauen, laStaempfli und Jana Revedin \u00fcber Wurzeln, die Stadt als Gedicht, die Architektur von Literatur und R\u00e4ume f\u00fcr Frauen. ","url":"http:\/\/artisapieceofcake.art\/2026\/03\/06\/die-stadt-als-gedicht-jana-revedin-und-ihre-gaertnerin-von-venedig-ein-wunderbares-gespraech-zwischen-zwei-frauen-lastaempfli-und-jana-revedin-anlaesslich-des-neuen-buches-ueber-wurzeln-die-s\/","author_name":"ARTISAPIECEOFCAKE - \"Ceci n' est-pas un podcast\"","author_url":"http:\/\/artisapieceofcake.art","thumbnail_url":"http:\/\/artisapieceofcake.art\/wp-content\/uploads\/2020-10-Martin-Rauchenwald-1-SW-HD-scaled.jpg","html":"<iframe width=\"560px\" height=\"140px\" src=\"http:\/\/artisapieceofcake.art\/2026\/03\/06\/die-stadt-als-gedicht-jana-revedin-und-ihre-gaertnerin-von-venedig-ein-wunderbares-gespraech-zwischen-zwei-frauen-lastaempfli-und-jana-revedin-anlaesslich-des-neuen-buches-ueber-wurzeln-die-s\/?standalonePlayer\"><\/iframe>"}